{"id":1310,"date":"2019-04-24T11:05:22","date_gmt":"2019-04-24T11:05:22","guid":{"rendered":"https:\/\/websitedemos.net\/travel-07\/?page_id=2"},"modified":"2024-07-26T05:44:03","modified_gmt":"2024-07-26T05:44:03","slug":"home-4-2-2-2-2","status":"publish","type":"page","link":"https:\/\/donesidrets.uab.cat\/","title":{"rendered":"Home"},"content":{"rendered":"\n<section class=\"wp-block-uagb-columns uagb-columns__wrap uagb-columns__background-image uagb-columns__stack-mobile uagb-columns__valign-top uagb-columns__gap-10 alignfull uagb-block-0d1cca71 uagb-columns__columns-2 uagb-columns__max_width-theme\" id=\"uagb-columns-c2d43f64-496f-4152-b072-a092e7b4fe57\"><div class=\"uagb-columns__overlay\"><\/div><div class=\"uagb-columns__inner-wrap uagb-columns__columns-2\">\n<div class=\"wp-block-uagb-column uagb-column__wrap uagb-column__background-undefined uagb-block-8a946d93\"><div class=\"uagb-column__overlay\"><\/div>\n<div class=\"wp-block-uagb-info-box uagb-block-c3342fd8 uagb-infobox__content-wrap  uagb-infobox-icon-above-title uagb-infobox-image-valign-top uagb-infobox__outer-wrap\" id=\"uagb-infobox-9ebd0a77-6574-40da-83ca-ec870396e360\"><div class=\"uagb-ifb-content\"><div class=\"uagb-ifb-title-wrap\"><h1 class=\"uagb-ifb-title\">Dones i Drets<\/h1><\/div><\/div><\/div>\n\n\n\n<figure class=\"wp-block-image size-full is-resized\"><img loading=\"lazy\" decoding=\"async\" width=\"450\" height=\"80\" src=\"https:\/\/donesidrets.uab.cat\/wp-content\/uploads\/2023\/07\/LogoNewH.png\" alt=\"\" class=\"wp-image-2939\" style=\"width:388px;height:69px\" srcset=\"https:\/\/donesidrets.uab.cat\/wp-content\/uploads\/2023\/07\/LogoNewH.png 450w, https:\/\/donesidrets.uab.cat\/wp-content\/uploads\/2023\/07\/LogoNewH-300x53.png 300w\" sizes=\"auto, (max-width: 450px) 100vw, 450px\" \/><\/figure>\n\n\n\n<p class=\"has-text-color\" style=\"color:#ffffff\">Facultat de Dret<\/p>\n\n\n\n<div class=\"wp-block-uagb-buttons uagb-buttons__outer-wrap uagb-btn__default-btn uagb-btn-tablet__default-btn uagb-btn-mobile__default-btn uagb-block-607aa842\" id=\"uagb-buttons-75b4a5b6-b2a2-49f7-b45b-10cfc783b314\"><div class=\"uagb-buttons__wrap uagb-buttons-layout-wrap\">\n<div class=\"wp-block-uagb-buttons-child uagb-buttons__outer-wrap uagb-block-8aee9f4a wp-block-button\"><div class=\"uagb-button__wrapper\"><a class=\"uagb-buttons-repeater wp-block-button__link\" href=\"https:\/\/donesidrets.uab.cat\/index.php\/presentacio\/\" onclick=\"return true;\" rel=\"follow noopener\" target=\"_self\"><div class=\"uagb-button__link\">SOBRE NOSALTRES<\/div><\/a><\/div><\/div>\n\n\n\n<div class=\"wp-block-uagb-buttons-child uagb-buttons__outer-wrap uagb-block-fce3beb8 wp-block-button\"><div class=\"uagb-button__wrapper\"><a class=\"uagb-buttons-repeater wp-block-button__link\" href=\"https:\/\/www.uab.cat\/dret\/\" onclick=\"return true;\" rel=\"follow noopener\" target=\"_self\"><div class=\"uagb-button__link\">FACULTAT DE DRET<\/div><\/a><\/div><\/div>\n<\/div><\/div>\n\n\n\n<br><p style=\"color:#ffffff;font-size:11px\" class=\"has-text-color\">Oli::  Pierre de Belair, Lyon 1892-1956 colecci\u00f3 particular <\/p>\n<\/div>\n\n\n\n<div class=\"wp-block-uagb-column uagb-column__wrap uagb-column__background-undefined uagb-block-f374a668\"><div class=\"uagb-column__overlay\"><\/div><\/div>\n<\/div><div class=\"uagb-columns__shape uagb-columns__shape-bottom uagb-columns__shape-flip\" data-negative=\"false\"><svg xmlns=\"https:\/\/www.w3.org\/2000\/svg\" viewBox=\"0 0 1000 100\" preserveAspectRatio=\"none\"><path class=\"uagb-columns__shape-fill\" d=\"M421.9,6.5c22.6-2.5,51.5,0.4,75.5,5.3c23.6,4.9,70.9,23.5,100.5,35.7c75.8,32.2,133.7,44.5,192.6,49.7  c23.6,2.1,48.7,3.5,103.4-2.5c54.7-6,106.2-25.6,106.2-25.6V0H0v30.3c0,0,72,32.6,158.4,30.5c39.2-0.7,92.8-6.7,134-22.4  c21.2-8.1,52.2-18.2,79.7-24.2C399.3,7.9,411.6,7.5,421.9,6.5z\"><\/path><\/svg><\/div><\/section>\n\n\n\n<div style=\"height:16px\" aria-hidden=\"true\" class=\"wp-block-spacer\"><\/div>\n\n\n\n<section class=\"wp-block-uagb-columns uagb-columns__wrap uagb-columns__background-none uagb-columns__stack-mobile uagb-columns__valign- uagb-columns__gap-10 align uagb-block-45cb20c6 uagb-columns__columns-2 uagb-columns__max_width-theme\"><div class=\"uagb-columns__overlay\"><\/div><div class=\"uagb-columns__inner-wrap uagb-columns__columns-2\">\n<div class=\"wp-block-uagb-column uagb-column__wrap uagb-column__background-undefined uagb-block-8ca22f25\"><div class=\"uagb-column__overlay\"><\/div>\n<div class=\"wp-block-uagb-image uagb-block-8b5e8a64 wp-block-uagb-image--layout-default wp-block-uagb-image--effect-static wp-block-uagb-image--align-none\"><figure class=\"wp-block-uagb-image__figure\"><img decoding=\"async\" srcset=\"https:\/\/donesidrets.uab.cat\/wp-content\/uploads\/2019\/05\/Columnas2.png \" sizes=\"auto, (max-width: 480px) 150px\" src=\"https:\/\/donesidrets.uab.cat\/wp-content\/uploads\/2019\/05\/Columnas2.png\" alt=\"\" class=\"uag-image-1721\" width=\"550\" height=\"740\" title=\"\" loading=\"lazy\"\/><\/figure><\/div>\n<\/div>\n\n\n\n<div class=\"wp-block-uagb-column uagb-column__wrap uagb-column__background-undefined uagb-block-f51eb522\"><div class=\"uagb-column__overlay\"><\/div>\n<div class=\"wp-block-uagb-advanced-heading uagb-block-2ab74b8d\"><h2 class=\"uagb-heading-text\">Presentaci\u00f3 del grup<\/h2><\/div>\n\n\n\n<p>El Centre d\u2019Estudis i Recerca de Dones i Drets CEDD t\u00e9 per objecte coordinar i impulsar les activitats investigadores directament relacionades amb el g\u00e8nere o els g\u00e8neres. Associades a aquesta tem\u00e0tica es duen a terme tasques de formaci\u00f3 i divulgaci\u00f3 cient\u00edfica amb els centres i institucions de dins i fora de la UAB. En aquesta tasca pretenem contribuir al desenvolupament dels estudis de g\u00e8nere, divulgar els resultats i generar complicitats que permetin remoure les inequitats existents.<br>\u00c9s un f\u00f2rum d\u2019investigadores i investigadors de l\u2019\u00e0mbit universitari interessades a promoure aquests estudis des d\u2019una perspectiva interdisplinar o multidisciplin\u00e0ria. El centre s\u2019integra, principalment, per un ampli col\u00b7lectiu de professores i professors universitaris de totes les \u00e0rees de la Facultat de Dret de la UAB que, de manera individual o en grup, treballa temes de g\u00e8nere. Aquesta composici\u00f3 universit\u00e0ria fa que un dels \u00e0mbits immediats sobre els quals incideixen tals recerques sigui la doc\u00e8ncia impartida.<\/p>\n\n\n\n<p><a href=\"https:\/\/donesidrets.uab.cat\/index.php\/presentacio\/\">Continuar llegint<\/a><\/p>\n\n\n\n<div class=\"wp-block-uagb-image uagb-block-fabef5b5 wp-block-uagb-image--layout-default wp-block-uagb-image--effect-static wp-block-uagb-image--align-none\"><figure class=\"wp-block-uagb-image__figure\"><img decoding=\"async\" srcset=\"https:\/\/donesidrets.uab.cat\/wp-content\/uploads\/2019\/05\/cropped-Logo-1.jpg \" sizes=\"auto, (max-width: 480px) 150px\" src=\"https:\/\/donesidrets.uab.cat\/wp-content\/uploads\/2019\/05\/cropped-Logo-1.jpg\" alt=\"\" class=\"uag-image-1659\" width=\"249\" height=\"82\" title=\"\" loading=\"lazy\"\/><\/figure><\/div>\n<\/div>\n<\/div><\/section>\n\n\n\n<section class=\"wp-block-uagb-section uagb-section__wrap uagb-section__background-image uagb-block-c4cff500\" id=\"uagb-section-8ddc2926-e6e5-4454-a729-03ea122dfdfe\"><div class=\"uagb-section__overlay\"><\/div><div class=\"uagb-section__inner-wrap\">\n<div class=\"wp-block-uagb-advanced-heading uagb-block-95be01be\" id=\"uagb-adv-heading-c3fa07a7-7d8c-4225-a544-95a9bd40b8c4\"><h2 class=\"uagb-heading-text\">En reflexi\u00f3<\/h2><\/div>\n\n\n\n\t\t\t<div class=\"wp-block-uagb-post-grid uagb-post-grid  uagb-post__image-position-top uagb-post__image-enabled uagb-block-63227209     uagb-post__items uagb-post__columns-3 is-grid uagb-post__columns-tablet-2 uagb-post__columns-mobile-1 uagb-post__equal-height\" data-total=\"3\" style=\"\">\n\n\t\t\t\t\t\t\t\t\t\t\t\t<article class=\"uagb-post__inner-wrap\">\t\t\t\t\t\t\t\t<div class='uagb-post__image'>\n\t\t\t\t\t\t\t\t\t<a href=\"https:\/\/donesidrets.uab.cat\/index.php\/2024\/05\/21\/treballadores-de-la-llar-i-conflictivitat-laboral-evolucio-de-les-condicions-laborals-a-la-legislacio-i-de-les-reivindicacions-del-collectiu\/\" target=\"_self\" rel=\"bookmark noopener noreferrer\" class='uagb-image-ratio-inherit'><img loading=\"lazy\" decoding=\"async\" width=\"600\" height=\"400\" src=\"https:\/\/donesidrets.uab.cat\/wp-content\/uploads\/2024\/05\/Lavadora.jpg\" class=\"attachment-large size-large\" alt=\"\" srcset=\"https:\/\/donesidrets.uab.cat\/wp-content\/uploads\/2024\/05\/Lavadora.jpg 600w, https:\/\/donesidrets.uab.cat\/wp-content\/uploads\/2024\/05\/Lavadora-300x200.jpg 300w\" sizes=\"auto, (max-width: 600px) 100vw, 600px\" \/>\t\t\t\t\t<\/a>\n\t\t\t\t\t\t\t<\/div>\n\t\t\t\t\t\t<h4 class=\"uagb-post__title uagb-post__text\">\n\t\t\t\t<a href=\"https:\/\/donesidrets.uab.cat\/index.php\/2024\/05\/21\/treballadores-de-la-llar-i-conflictivitat-laboral-evolucio-de-les-condicions-laborals-a-la-legislacio-i-de-les-reivindicacions-del-collectiu\/\" target=\"_self\" rel=\"bookmark noopener noreferrer\">Treballadores de la llar i conflictivitat laboral: Evoluci\u00f3 de les condicions laborals a la legislaci\u00f3 i de les reivindicacions del col\u00b7lectiu<\/a>\n\t\t\t<\/h4>\n\t\t\t\t\t\t<div class='uagb-post__text uagb-post-grid-byline'>\n\t\t\t\t\t\t\t\t<time datetime=\"2024-05-21T07:19:08+00:00\" class=\"uagb-post__date\">\n\t\t\t\t<span class=\"dashicons-calendar dashicons\"><\/span>\t\t\t\t\t21 de maig de 2024\t\t\t\t<\/time>\n\t\t\t\t\t\t<\/div>\n\t\t\t\n\t\t\t\t\t\t\t\t\t<\/article>\n\t\t\t\t\t\t\t\t\t\t\t\t\t\t\t\t<article class=\"uagb-post__inner-wrap\">\t\t\t\t\t\t\t\t<div class='uagb-post__image'>\n\t\t\t\t\t\t\t\t\t<a href=\"https:\/\/donesidrets.uab.cat\/index.php\/2024\/04\/03\/la-invisibilitat-de-la-dona-en-el-mon-rural-tambe-en-les-politiques-tributaries\/\" target=\"_self\" rel=\"bookmark noopener noreferrer\" class='uagb-image-ratio-inherit'><img loading=\"lazy\" decoding=\"async\" width=\"600\" height=\"400\" src=\"https:\/\/donesidrets.uab.cat\/wp-content\/uploads\/2024\/04\/DonaRural.jpg\" class=\"attachment-large size-large\" alt=\"\" srcset=\"https:\/\/donesidrets.uab.cat\/wp-content\/uploads\/2024\/04\/DonaRural.jpg 600w, https:\/\/donesidrets.uab.cat\/wp-content\/uploads\/2024\/04\/DonaRural-300x200.jpg 300w\" sizes=\"auto, (max-width: 600px) 100vw, 600px\" \/>\t\t\t\t\t<\/a>\n\t\t\t\t\t\t\t<\/div>\n\t\t\t\t\t\t<h4 class=\"uagb-post__title uagb-post__text\">\n\t\t\t\t<a href=\"https:\/\/donesidrets.uab.cat\/index.php\/2024\/04\/03\/la-invisibilitat-de-la-dona-en-el-mon-rural-tambe-en-les-politiques-tributaries\/\" target=\"_self\" rel=\"bookmark noopener noreferrer\">La invisibilitat de la dona en el m\u00f3n rural, tamb\u00e9 en les pol\u00edtiques tribut\u00e0ries<\/a>\n\t\t\t<\/h4>\n\t\t\t\t\t\t<div class='uagb-post__text uagb-post-grid-byline'>\n\t\t\t\t\t\t\t\t<time datetime=\"2024-04-03T10:51:38+00:00\" class=\"uagb-post__date\">\n\t\t\t\t<span class=\"dashicons-calendar dashicons\"><\/span>\t\t\t\t\t3 d&#039;abril de 2024\t\t\t\t<\/time>\n\t\t\t\t\t\t<\/div>\n\t\t\t\n\t\t\t\t\t\t\t\t\t<\/article>\n\t\t\t\t\t\t\t\t\t\t\t\t\t\t\t\t<article class=\"uagb-post__inner-wrap\">\t\t\t\t\t\t\t\t<div class='uagb-post__image'>\n\t\t\t\t\t\t\t\t\t<a href=\"https:\/\/donesidrets.uab.cat\/index.php\/2024\/02\/07\/violencia-obstetrica-y-mortalidad-prevenible-segun-la-sentencia-britez-arce-de-la-cidh\/\" target=\"_self\" rel=\"bookmark noopener noreferrer\" class='uagb-image-ratio-inherit'><img loading=\"lazy\" decoding=\"async\" width=\"600\" height=\"400\" src=\"https:\/\/donesidrets.uab.cat\/wp-content\/uploads\/2024\/02\/Mujer.jpg\" class=\"attachment-large size-large\" alt=\"\" srcset=\"https:\/\/donesidrets.uab.cat\/wp-content\/uploads\/2024\/02\/Mujer.jpg 600w, https:\/\/donesidrets.uab.cat\/wp-content\/uploads\/2024\/02\/Mujer-300x200.jpg 300w\" sizes=\"auto, (max-width: 600px) 100vw, 600px\" \/>\t\t\t\t\t<\/a>\n\t\t\t\t\t\t\t<\/div>\n\t\t\t\t\t\t<h4 class=\"uagb-post__title uagb-post__text\">\n\t\t\t\t<a href=\"https:\/\/donesidrets.uab.cat\/index.php\/2024\/02\/07\/violencia-obstetrica-y-mortalidad-prevenible-segun-la-sentencia-britez-arce-de-la-cidh\/\" target=\"_self\" rel=\"bookmark noopener noreferrer\">Violencia obst\u00e9trica y mortalidad prevenible seg\u00fan la sentencia Br\u00edtez Arce de la CIDH<\/a>\n\t\t\t<\/h4>\n\t\t\t\t\t\t<div class='uagb-post__text uagb-post-grid-byline'>\n\t\t\t\t\t\t\t\t<time datetime=\"2024-02-07T07:21:34+00:00\" class=\"uagb-post__date\">\n\t\t\t\t<span class=\"dashicons-calendar dashicons\"><\/span>\t\t\t\t\t7 de febrer de 2024\t\t\t\t<\/time>\n\t\t\t\t\t\t<\/div>\n\t\t\t\n\t\t\t\t\t\t\t\t\t<\/article>\n\t\t\t\t\t\t\t\t\t\t\t<\/div>\n\t\t\t\n\n\n<p><\/p>\n\n\n\n<p class=\"has-text-align-center\"><a href=\"https:\/\/donesidrets.uab.cat\/index.php\/en-reflexio\/\" target=\"_blank\" rel=\"noreferrer noopener\">M\u00e9s art\u00edcles<\/a><\/p>\n<\/div><\/section>\n\n\n\n<section class=\"wp-block-uagb-section uagb-section__wrap uagb-section__background-none uagb-block-c06f1819 uagb-section__background-undefined\" id=\"uagb-section-50f652e9-f28d-4a80-887e-fd4b5a51c2d9\"><div class=\"uagb-section__overlay\"><\/div><div class=\"uagb-section__inner-wrap\">\n<div class=\"wp-block-uagb-advanced-heading uagb-block-bb237c9d\" id=\"uagb-adv-heading-43f6365b-07f1-460f-a64c-519e4843232f\"><h3 class=\"uagb-heading-text\">Les nostres publicacions, activitats, la facultat&#8230; tot el que envolta al grup de recerca<\/h3><\/div>\n<\/div><\/section>\n\n\n\n<section class=\"wp-block-uagb-columns uagb-columns__wrap uagb-columns__background-none uagb-columns__stack-tablet uagb-columns__valign- uagb-columns__gap-10 align uagb-block-dabd2644 uagb-columns__columns-4 uagb-columns__max_width-theme uagb-columns__background-undefined uagb-columns__valign-undefined alignundefined\" id=\"uagb-columns-a008558e-dcdc-4893-88fa-61ed9ded84ba\"><div class=\"uagb-columns__overlay\"><\/div><div class=\"uagb-columns__inner-wrap uagb-columns__columns-4\">\n<div class=\"wp-block-uagb-column uagb-column__wrap uagb-column__background-image uagb-block-a072ba09\"><div class=\"uagb-column__overlay\"><\/div>\n<div class=\"wp-block-uagb-advanced-heading uagb-block-c19fd1be\" id=\"uagb-adv-heading-ba8c3d28-460f-4853-8a23-a0429eb401a3\"><h3 class=\"uagb-heading-text\"><a href=\"https:\/\/donesidrets.uab.cat\/index.php\/publicacions\/\"><font color=\"white\">LLIBRES<\/font><\/a><\/h3><p class=\"uagb-desc-text\"> <br>Publicacions resultants de la nostra recerca <\/p><\/div>\n<\/div>\n\n\n\n<div class=\"wp-block-uagb-column uagb-column__wrap uagb-column__background-image uagb-block-f1ca4757\"><div class=\"uagb-column__overlay\"><\/div>\n<div class=\"wp-block-uagb-advanced-heading uagb-block-5cbf5dd0\" id=\"uagb-adv-heading-c0daa3f0-8a4c-453c-8cf0-8a3d8c93495d\"><h3 class=\"uagb-heading-text\"><a href=\"https:\/\/donesidrets.uab.cat\/index.php\/activitas\/\"><font color=\"white\">ACTIVITATS<\/font><\/a><\/h3><p class=\"uagb-desc-text\">Les nostres jornades amb el respectiu resultat <\/p><\/div>\n<\/div>\n\n\n\n<div class=\"wp-block-uagb-column uagb-column__wrap uagb-column__background-image uagb-block-f8cb9123\"><div class=\"uagb-column__overlay\"><\/div>\n<div class=\"wp-block-uagb-advanced-heading uagb-block-893570a8\" id=\"uagb-adv-heading-843c2570-6821-4471-99e7-418912335d32\"><h3 class=\"uagb-heading-text\"><a href=\"https:\/\/donesidrets.uab.cat\/index.php\/articles\/\"><font color=\"white\">ARTICLES<\/font><\/a><\/h3><p class=\"uagb-desc-text\">Articles destacats dels nostres membres.<\/p><\/div>\n<\/div>\n\n\n\n<div class=\"wp-block-uagb-column uagb-column__wrap uagb-column__background-image uagb-block-fbad6ee1\"><div class=\"uagb-column__overlay\"><\/div>\n<div class=\"wp-block-uagb-advanced-heading uagb-block-a7157654\" id=\"uagb-adv-heading-bb1ec21a-568c-4b5f-ad8e-939f2c56def7\"><h3 class=\"uagb-heading-text\"><a target=\"_blank\" href=\"https:\/\/WWW.uab.cat\/dret\/\" rel=\"noopener noreferrer\"><font color=\"white\">LA FACULTAT<\/font><\/a><\/h3><p class=\"uagb-desc-text\">Facultat de Dret de la Universitat Aut\u00f2noma de Barcelona<\/p><\/div>\n<\/div>\n<\/div><\/section>\n\n\n\n<section class=\"wp-block-uagb-section uagb-section__wrap uagb-section__background-image uagb-block-69996459\" id=\"uagb-section-8ddc2926-e6e5-4454-a729-03ea122dfdfe\"><div class=\"uagb-section__overlay\"><\/div><div class=\"uagb-section__inner-wrap\">\n<div class=\"wp-block-uagb-advanced-heading uagb-block-7c2de756\" id=\"uagb-adv-heading-c3fa07a7-7d8c-4225-a544-95a9bd40b8c4\"><h2 class=\"uagb-heading-text\">Les nostres activitats i el nostre entorn<\/h2><p class=\"uagb-desc-text\">Recull de les \u00faltimes not\u00edcies i activitats vinculades al grup i els seus membres, publicacions, etc.<\/p><\/div>\n\n\n\n<div style=\"height:60px\" aria-hidden=\"true\" class=\"wp-block-spacer\"><\/div>\n\n\n\n\t\t\t<div class=\"wp-block-uagb-post-grid uagb-post-grid  uagb-post__image-position-top uagb-post__image-enabled uagb-block-eb681184     uagb-post__items uagb-post__columns-3 is-grid uagb-post__columns-tablet-2 uagb-post__columns-mobile-1 uagb-post__equal-height\" data-total=\"20\" style=\"\">\n\n\t\t\t\t\t\t\t\t\t\t\t\t<article class=\"uagb-post__inner-wrap\">\t\t\t\t\t\t\t\t<div class='uagb-post__image'>\n\t\t\t\t\t\t\t\t\t<a href=\"https:\/\/donesidrets.uab.cat\/index.php\/2025\/11\/27\/seminario-emergencias-ante-el-2030\/\" target=\"_self\" rel=\"bookmark noopener noreferrer\" class='uagb-image-ratio-inherit'><img loading=\"lazy\" decoding=\"async\" width=\"400\" height=\"225\" src=\"https:\/\/donesidrets.uab.cat\/wp-content\/uploads\/2025\/11\/demo.png\" class=\"attachment-large size-large\" alt=\"\" srcset=\"https:\/\/donesidrets.uab.cat\/wp-content\/uploads\/2025\/11\/demo.png 400w, https:\/\/donesidrets.uab.cat\/wp-content\/uploads\/2025\/11\/demo-300x169.png 300w\" sizes=\"auto, (max-width: 400px) 100vw, 400px\" \/>\t\t\t\t\t<\/a>\n\t\t\t\t\t\t\t<\/div>\n\t\t\t\t\t\t<h4 class=\"uagb-post__title uagb-post__text\">\n\t\t\t\t<a href=\"https:\/\/donesidrets.uab.cat\/index.php\/2025\/11\/27\/seminario-emergencias-ante-el-2030\/\" target=\"_self\" rel=\"bookmark noopener noreferrer\">Seminario &#8216;Emergencias ante el 2030&#8217;<\/a>\n\t\t\t<\/h4>\n\t\t\t\t\t\t<div class='uagb-post__text uagb-post-grid-byline'>\n\t\t\t\t\t\t\t\t<time datetime=\"2025-11-27T11:25:00+00:00\" class=\"uagb-post__date\">\n\t\t\t\t<span class=\"dashicons-calendar dashicons\"><\/span>\t\t\t\t\t27 de novembre de 2025\t\t\t\t<\/time>\n\t\t\t\t\t\t<\/div>\n\t\t\t\n\t\t\t\t\t\t\t\t\t<\/article>\n\t\t\t\t\t\t\t\t\t\t\t\t\t\t\t\t<article class=\"uagb-post__inner-wrap\">\t\t\t\t\t\t\t\t<div class='uagb-post__image'>\n\t\t\t\t\t\t\t\t\t<a href=\"https:\/\/donesidrets.uab.cat\/index.php\/2025\/03\/05\/nueva-publicacion-del-centro-conectadas-y-desiguales\/\" target=\"_self\" rel=\"bookmark noopener noreferrer\" class='uagb-image-ratio-inherit'><img loading=\"lazy\" decoding=\"async\" width=\"400\" height=\"225\" src=\"https:\/\/donesidrets.uab.cat\/wp-content\/uploads\/2025\/03\/IT.jpg\" class=\"attachment-large size-large\" alt=\"\" srcset=\"https:\/\/donesidrets.uab.cat\/wp-content\/uploads\/2025\/03\/IT.jpg 400w, https:\/\/donesidrets.uab.cat\/wp-content\/uploads\/2025\/03\/IT-300x169.jpg 300w\" sizes=\"auto, (max-width: 400px) 100vw, 400px\" \/>\t\t\t\t\t<\/a>\n\t\t\t\t\t\t\t<\/div>\n\t\t\t\t\t\t<h4 class=\"uagb-post__title uagb-post__text\">\n\t\t\t\t<a href=\"https:\/\/donesidrets.uab.cat\/index.php\/2025\/03\/05\/nueva-publicacion-del-centro-conectadas-y-desiguales\/\" target=\"_self\" rel=\"bookmark noopener noreferrer\">Nueva publicaci\u00f3n del Centro &#8220;Conectadas y desiguales&#8221;<\/a>\n\t\t\t<\/h4>\n\t\t\t\t\t\t<div class='uagb-post__text uagb-post-grid-byline'>\n\t\t\t\t\t\t\t\t<time datetime=\"2025-03-05T10:37:28+00:00\" class=\"uagb-post__date\">\n\t\t\t\t<span class=\"dashicons-calendar dashicons\"><\/span>\t\t\t\t\t5 de mar\u00e7 de 2025\t\t\t\t<\/time>\n\t\t\t\t\t\t<\/div>\n\t\t\t\n\t\t\t\t\t\t\t\t\t<\/article>\n\t\t\t\t\t\t\t\t\t\t\t\t\t\t\t\t<article class=\"uagb-post__inner-wrap\">\t\t\t\t\t\t\t\t<div class='uagb-post__image'>\n\t\t\t\t\t\t\t\t\t<a href=\"https:\/\/donesidrets.uab.cat\/index.php\/2025\/02\/27\/jornada-del-dia-de-la-dona-8-de-marc-connectades-i-desiguals\/\" target=\"_self\" rel=\"bookmark noopener noreferrer\" class='uagb-image-ratio-inherit'><img loading=\"lazy\" decoding=\"async\" width=\"400\" height=\"225\" src=\"https:\/\/donesidrets.uab.cat\/wp-content\/uploads\/2025\/02\/1.jpg\" class=\"attachment-large size-large\" alt=\"\" srcset=\"https:\/\/donesidrets.uab.cat\/wp-content\/uploads\/2025\/02\/1.jpg 400w, https:\/\/donesidrets.uab.cat\/wp-content\/uploads\/2025\/02\/1-300x169.jpg 300w\" sizes=\"auto, (max-width: 400px) 100vw, 400px\" \/>\t\t\t\t\t<\/a>\n\t\t\t\t\t\t\t<\/div>\n\t\t\t\t\t\t<h4 class=\"uagb-post__title uagb-post__text\">\n\t\t\t\t<a href=\"https:\/\/donesidrets.uab.cat\/index.php\/2025\/02\/27\/jornada-del-dia-de-la-dona-8-de-marc-connectades-i-desiguals\/\" target=\"_self\" rel=\"bookmark noopener noreferrer\">Jornada del Dia de la Dona 8 de mar\u00e7. Connectades i desiguals<\/a>\n\t\t\t<\/h4>\n\t\t\t\t\t\t<div class='uagb-post__text uagb-post-grid-byline'>\n\t\t\t\t\t\t\t\t<time datetime=\"2025-02-27T08:27:52+00:00\" class=\"uagb-post__date\">\n\t\t\t\t<span class=\"dashicons-calendar dashicons\"><\/span>\t\t\t\t\t27 de febrer de 2025\t\t\t\t<\/time>\n\t\t\t\t\t\t<\/div>\n\t\t\t\n\t\t\t\t\t\t\t\t\t<\/article>\n\t\t\t\t\t\t\t\t\t\t\t<\/div>\n\t\t\t\n\n\n<p><\/p>\n<\/div><\/section>\n\n\n\n<section class=\"wp-block-uagb-section uagb-section__wrap uagb-section__background-image uagb-block-9ec9481f\" id=\"uagb-section-8ddc2926-e6e5-4454-a729-03ea122dfdfe\"><div class=\"uagb-section__overlay\"><\/div><div class=\"uagb-section__inner-wrap\">\n<div class=\"wp-block-uagb-advanced-heading uagb-block-3a74a662\" id=\"uagb-adv-heading-c3fa07a7-7d8c-4225-a544-95a9bd40b8c4\"><h3 class=\"uagb-heading-text\"><a href=\"https:\/\/derechoygenero.uab.es\/\">Aparici\u00f3 de la nova revista \u201cRevista Derecho y G\u00e9nero\u201d que codirigeix la nostra companya Noelia Igareda Gonz\u00e1lez. Felicitats per aquesta magn\u00edfica iniciativa que invita a la participaci\u00f3<\/a><\/h3><\/div>\n\n\n\n<hr class=\"wp-block-separator has-css-opacity\"\/>\n<\/div><\/section>\n\n\n\n<section class=\"wp-block-uagb-columns uagb-columns__wrap uagb-columns__background-image uagb-columns__stack-mobile uagb-columns__valign- uagb-columns__gap-10 align uagb-block-8faf289d uagb-columns__columns-3 uagb-columns__max_width-theme\"><div class=\"uagb-columns__overlay\"><\/div><div class=\"uagb-columns__inner-wrap uagb-columns__columns-3\">\n<div class=\"wp-block-uagb-column uagb-column__wrap uagb-column__background-undefined uagb-block-006be0e1\"><div class=\"uagb-column__overlay\"><\/div>\n<p><\/p>\n<\/div>\n\n\n\n<div class=\"wp-block-uagb-column uagb-column__wrap uagb-column__background-undefined uagb-block-b9215eee\"><div class=\"uagb-column__overlay\"><\/div>\n<figure class=\"wp-block-image aligncenter is-resized\"><img loading=\"lazy\" decoding=\"async\" src=\"https:\/\/donesidrets.uab.cat\/wp-content\/uploads\/2019\/05\/LogoBlanco.png\" alt=\"\" class=\"wp-image-1687\" width=\"385\" height=\"118\" srcset=\"https:\/\/donesidrets.uab.cat\/wp-content\/uploads\/2019\/05\/LogoBlanco.png 947w, https:\/\/donesidrets.uab.cat\/wp-content\/uploads\/2019\/05\/LogoBlanco-300x92.png 300w, https:\/\/donesidrets.uab.cat\/wp-content\/uploads\/2019\/05\/LogoBlanco-768x236.png 768w\" sizes=\"auto, (max-width: 385px) 100vw, 385px\" \/><\/figure>\n\n\n\n<div class=\"wp-block-columns has-2-columns is-layout-flex wp-container-core-columns-is-layout-1 wp-block-columns-is-layout-flex\">\n<div class=\"wp-block-column is-layout-flow wp-block-column-is-layout-flow\">\n<p><\/p>\n<\/div>\n\n\n\n<div class=\"wp-block-column is-layout-flow wp-block-column-is-layout-flow\"><\/div>\n<\/div>\n\n\n\n<div class=\"wp-block-columns has-2-columns is-layout-flex wp-container-core-columns-is-layout-2 wp-block-columns-is-layout-flex\">\n<div class=\"wp-block-column is-layout-flow wp-block-column-is-layout-flow\">\n<p class=\"has-text-align-center has-text-color\" style=\"color:#ffffff\"> <br>&#8220;Ni el govern federal ni l&#8217;estatal actua de manera compatible amb la protecci\u00f3 igualit\u00e0ria quan una llei o una pol\u00edtica nega a les dones, simplement perqu\u00e8 s\u00f3n dones, el m\u00e0xim estat de la ciutadania: igualtat d&#8217;oportunitats per aspirar, aconseguir, participar i contribuir a la societat basant-se en els seus talents individuals i capacitats.&#8221;<br> <strong>Ruth Bader Ginsburg<\/strong>  <\/p>\n<\/div>\n\n\n\n<div class=\"wp-block-column is-layout-flow wp-block-column-is-layout-flow\">\n<p class=\"has-text-align-center has-text-color\" style=\"color:#ffffff\"> <br>&#8220;Neither federal nor state government acts compatibly with equal protection when a law or official policy denies to women, simply because they are women, full citizenship stature &#8211; equal opportunity to aspire, achieve, participate in and contribute to society based on their individual talents and capacities.&#8221;<br> <strong>Ruth Bader Ginsburg<\/strong>  <\/p>\n<\/div>\n<\/div>\n\n\n\n<p class=\"has-text-align-center has-text-color\" style=\"color:#ffffff\"><a href=\"https:\/\/donesidrets.uab.cat\/wp-content\/uploads\/2019\/05\/Sentencia.pdf\" target=\"_blank\" rel=\"noreferrer noopener\" aria-label=\"Acc\u00e9s a la sent\u00e8ncia (s'obre en una nova pestanya)\">Acc\u00e9s a la sent\u00e8ncia<\/a><\/p>\n\n\n\n<div style=\"height:60px\" aria-hidden=\"true\" class=\"wp-block-spacer\"><\/div>\n\n\n\n<div class=\"wp-block-uagb-icon-list uagb-block-9e43c841 uagb-icon-list__outer-wrap uagb-icon-list__layout-horizontal uagb-icon-list__no-label\" id=\"uagb-icon-list-478a410c-08ea-4a99-91af-f9d501f7614c\"><div class=\"uagb-icon-list__wrap\">\n<div class=\"wp-block-uagb-icon-list-child uagb-block-d58b7347\"><span class=\"uagb-icon-list__source-wrap\"><svg xmlns=\"https:\/\/www.w3.org\/2000\/svg\" viewBox=\"0 0 512 512\"><path d=\"M256 0C114.6 0 0 114.6 0 256c0 141.4 114.6 256 256 256s256-114.6 256-256C512 114.6 397.4 0 256 0zM406.6 278.6l-103.1 103.1c-12.5 12.5-32.75 12.5-45.25 0s-12.5-32.75 0-45.25L306.8 288H128C110.3 288 96 273.7 96 256s14.31-32 32-32h178.8l-49.38-49.38c-12.5-12.5-12.5-32.75 0-45.25s32.75-12.5 45.25 0l103.1 103.1C414.6 241.3 416 251.1 416 256C416 260.9 414.6 270.7 406.6 278.6z\"><\/path><\/svg><\/span><\/div>\n\n\n\n<div class=\"wp-block-uagb-icon-list-child uagb-block-5515ddab\"><span class=\"uagb-icon-list__source-wrap\"><svg xmlns=\"https:\/\/www.w3.org\/2000\/svg\" viewBox=\"0 0 512 512\"><path d=\"M256 0C114.6 0 0 114.6 0 256c0 141.4 114.6 256 256 256s256-114.6 256-256C512 114.6 397.4 0 256 0zM406.6 278.6l-103.1 103.1c-12.5 12.5-32.75 12.5-45.25 0s-12.5-32.75 0-45.25L306.8 288H128C110.3 288 96 273.7 96 256s14.31-32 32-32h178.8l-49.38-49.38c-12.5-12.5-12.5-32.75 0-45.25s32.75-12.5 45.25 0l103.1 103.1C414.6 241.3 416 251.1 416 256C416 260.9 414.6 270.7 406.6 278.6z\"><\/path><\/svg><\/span><\/div>\n\n\n\n<div class=\"wp-block-uagb-icon-list-child uagb-block-eac11d78\"><span class=\"uagb-icon-list__source-wrap\"><svg xmlns=\"https:\/\/www.w3.org\/2000\/svg\" viewBox=\"0 0 512 512\"><path d=\"M256 0C114.6 0 0 114.6 0 256c0 141.4 114.6 256 256 256s256-114.6 256-256C512 114.6 397.4 0 256 0zM406.6 278.6l-103.1 103.1c-12.5 12.5-32.75 12.5-45.25 0s-12.5-32.75 0-45.25L306.8 288H128C110.3 288 96 273.7 96 256s14.31-32 32-32h178.8l-49.38-49.38c-12.5-12.5-12.5-32.75 0-45.25s32.75-12.5 45.25 0l103.1 103.1C414.6 241.3 416 251.1 416 256C416 260.9 414.6 270.7 406.6 278.6z\"><\/path><\/svg><\/span><\/div>\n\n\n\n<div class=\"wp-block-uagb-icon-list-child uagb-block-a4291507\"><span class=\"uagb-icon-list__source-wrap\"><svg xmlns=\"https:\/\/www.w3.org\/2000\/svg\" viewBox=\"0 0 512 512\"><path d=\"M256 0C114.6 0 0 114.6 0 256c0 141.4 114.6 256 256 256s256-114.6 256-256C512 114.6 397.4 0 256 0zM406.6 278.6l-103.1 103.1c-12.5 12.5-32.75 12.5-45.25 0s-12.5-32.75 0-45.25L306.8 288H128C110.3 288 96 273.7 96 256s14.31-32 32-32h178.8l-49.38-49.38c-12.5-12.5-12.5-32.75 0-45.25s32.75-12.5 45.25 0l103.1 103.1C414.6 241.3 416 251.1 416 256C416 260.9 414.6 270.7 406.6 278.6z\"><\/path><\/svg><\/span><\/div>\n<\/div><\/div>\n<\/div>\n\n\n\n<div class=\"wp-block-uagb-column uagb-column__wrap uagb-column__background-undefined uagb-block-0aecb55e\"><div class=\"uagb-column__overlay\"><\/div>\n<p><\/p>\n<\/div>\n<\/div><\/section>\n\n\n\n<p><\/p>\n\n\n\n<section class=\"wp-block-uagb-columns uagb-columns__wrap uagb-columns__background-none uagb-columns__stack-mobile uagb-columns__valign- uagb-columns__gap-10 align uagb-block-065b85be uagb-columns__columns-3 uagb-columns__max_width-theme\"><div class=\"uagb-columns__overlay\"><\/div><div class=\"uagb-columns__inner-wrap uagb-columns__columns-3\">\n<div class=\"wp-block-uagb-column uagb-column__wrap uagb-column__background-undefined uagb-block-ad693f97\"><div class=\"uagb-column__overlay\"><\/div><\/div>\n\n\n\n<div class=\"wp-block-uagb-column uagb-column__wrap uagb-column__background-undefined uagb-block-17209d08\"><div class=\"uagb-column__overlay\"><\/div><\/div>\n\n\n\n<div class=\"wp-block-uagb-column uagb-column__wrap uagb-column__background-undefined uagb-block-bbaedc09\"><div class=\"uagb-column__overlay\"><\/div><\/div>\n<\/div><\/section>\n","protected":false},"excerpt":{"rendered":"<p>Facultat de Dret Oli:: Pierre de Belair, Lyon 1892-1956 colecci\u00f3 particular Presentaci\u00f3 del grup El Centre d\u2019Estudis i Recerca de Dones i Drets CEDD t\u00e9 per objecte coordinar i impulsar les activitats investigadores directament relacionades amb el g\u00e8nere o els g\u00e8neres. Associades a aquesta tem\u00e0tica es duen a terme tasques de formaci\u00f3 i divulgaci\u00f3 cient\u00edfica [&hellip;]<\/p>\n","protected":false},"author":1,"featured_media":0,"parent":0,"menu_order":0,"comment_status":"closed","ping_status":"closed","template":"","meta":{"_uag_custom_page_level_css":"","site-sidebar-layout":"no-sidebar","site-content-layout":"page-builder","ast-site-content-layout":"full-width-container","site-content-style":"unboxed","site-sidebar-style":"unboxed","ast-global-header-display":"","ast-banner-title-visibility":"","ast-main-header-display":"","ast-hfb-above-header-display":"","ast-hfb-below-header-display":"","ast-hfb-mobile-header-display":"","site-post-title":"disabled","ast-breadcrumbs-content":"","ast-featured-img":"disabled","footer-sml-layout":"","theme-transparent-header-meta":"disabled","adv-header-id-meta":"","stick-header-meta":"","header-above-stick-meta":"","header-main-stick-meta":"","header-below-stick-meta":"","astra-migrate-meta-layouts":"set","ast-page-background-enabled":"default","ast-page-background-meta":{"desktop":{"background-color":"","background-image":"","background-repeat":"repeat","background-position":"center center","background-size":"auto","background-attachment":"scroll","background-type":"","background-media":"","overlay-type":"","overlay-color":"","overlay-opacity":"","overlay-gradient":""},"tablet":{"background-color":"","background-image":"","background-repeat":"repeat","background-position":"center center","background-size":"auto","background-attachment":"scroll","background-type":"","background-media":"","overlay-type":"","overlay-color":"","overlay-opacity":"","overlay-gradient":""},"mobile":{"background-color":"","background-image":"","background-repeat":"repeat","background-position":"center center","background-size":"auto","background-attachment":"scroll","background-type":"","background-media":"","overlay-type":"","overlay-color":"","overlay-opacity":"","overlay-gradient":""}},"ast-content-background-meta":{"desktop":{"background-color":"var(--ast-global-color-5)","background-image":"","background-repeat":"repeat","background-position":"center center","background-size":"auto","background-attachment":"scroll","background-type":"","background-media":"","overlay-type":"","overlay-color":"","overlay-opacity":"","overlay-gradient":""},"tablet":{"background-color":"var(--ast-global-color-5)","background-image":"","background-repeat":"repeat","background-position":"center center","background-size":"auto","background-attachment":"scroll","background-type":"","background-media":"","overlay-type":"","overlay-color":"","overlay-opacity":"","overlay-gradient":""},"mobile":{"background-color":"var(--ast-global-color-5)","background-image":"","background-repeat":"repeat","background-position":"center center","background-size":"auto","background-attachment":"scroll","background-type":"","background-media":"","overlay-type":"","overlay-color":"","overlay-opacity":"","overlay-gradient":""}},"footnotes":""},"class_list":["post-1310","page","type-page","status-publish","hentry"],"uagb_featured_image_src":{"full":false,"thumbnail":false,"medium":false,"medium_large":false,"large":false,"1536x1536":false,"2048x2048":false},"uagb_author_info":{"display_name":"admin","author_link":"https:\/\/donesidrets.uab.cat\/index.php\/author\/admin\/"},"uagb_comment_info":0,"uagb_excerpt":"Facultat de Dret Oli:: Pierre de Belair, Lyon 1892-1956 colecci\u00f3 particular Presentaci\u00f3 del grup El Centre d\u2019Estudis i Recerca de Dones i Drets CEDD t\u00e9 per objecte coordinar i impulsar les activitats investigadores directament relacionades amb el g\u00e8nere o els g\u00e8neres. Associades a aquesta tem\u00e0tica es duen a terme tasques de formaci\u00f3 i divulgaci\u00f3 cient\u00edfica&hellip;","_links":{"self":[{"href":"https:\/\/donesidrets.uab.cat\/index.php\/wp-json\/wp\/v2\/pages\/1310","targetHints":{"allow":["GET"]}}],"collection":[{"href":"https:\/\/donesidrets.uab.cat\/index.php\/wp-json\/wp\/v2\/pages"}],"about":[{"href":"https:\/\/donesidrets.uab.cat\/index.php\/wp-json\/wp\/v2\/types\/page"}],"author":[{"embeddable":true,"href":"https:\/\/donesidrets.uab.cat\/index.php\/wp-json\/wp\/v2\/users\/1"}],"replies":[{"embeddable":true,"href":"https:\/\/donesidrets.uab.cat\/index.php\/wp-json\/wp\/v2\/comments?post=1310"}],"version-history":[{"count":160,"href":"https:\/\/donesidrets.uab.cat\/index.php\/wp-json\/wp\/v2\/pages\/1310\/revisions"}],"predecessor-version":[{"id":3131,"href":"https:\/\/donesidrets.uab.cat\/index.php\/wp-json\/wp\/v2\/pages\/1310\/revisions\/3131"}],"wp:attachment":[{"href":"https:\/\/donesidrets.uab.cat\/index.php\/wp-json\/wp\/v2\/media?parent=1310"}],"curies":[{"name":"wp","href":"https:\/\/api.w.org\/{rel}","templated":true}]}}