{"id":2985,"date":"2023-10-11T08:20:55","date_gmt":"2023-10-11T08:20:55","guid":{"rendered":"https:\/\/donesidrets.uab.cat\/?page_id=2985"},"modified":"2023-10-11T08:21:48","modified_gmt":"2023-10-11T08:21:48","slug":"en-reflexio","status":"publish","type":"page","link":"https:\/\/donesidrets.uab.cat\/index.php\/en-reflexio\/","title":{"rendered":"En reflexi\u00f3"},"content":{"rendered":"\n<section class=\"wp-block-uagb-section uagb-section__wrap uagb-section__background-image uagb-block-e13f9040\"><div class=\"uagb-section__overlay\"><\/div><div class=\"uagb-section__inner-wrap\">\n<div class=\"wp-block-uagb-advanced-heading uagb-block-b6ef9b25\"><h1 class=\"uagb-heading-text\">En reflexi\u00f3<\/h1><\/div>\n<\/div><\/section>\n\n\n\n<section class=\"wp-block-uagb-section uagb-section__wrap uagb-section__background-color uagb-block-445b1bf1\"><div class=\"uagb-section__overlay\"><\/div><div class=\"uagb-section__inner-wrap\">\n\t\t\t<div class=\"wp-block-uagb-post-masonry uagb-post-grid  uagb-post__image-position-top uagb-post__image-enabled uagb-block-d531b7f7     uagb-post__items uagb-post__columns-3 is-masonry uagb-post__columns-tablet-2 uagb-post__columns-mobile-1\" data-total=\"1\" style=\"\">\n\n\t\t\t\t\t\t\t\t\t\t\t\t<article class=\"uagb-post__inner-wrap\">\t\t\t\t\t\t\t\t<div class='uagb-post__image'>\n\t\t\t\t\t\t\t\t\t<a href=\"https:\/\/donesidrets.uab.cat\/index.php\/2024\/05\/21\/treballadores-de-la-llar-i-conflictivitat-laboral-evolucio-de-les-condicions-laborals-a-la-legislacio-i-de-les-reivindicacions-del-collectiu\/\" target=\"_self\" rel=\"bookmark noopener noreferrer\"><img loading=\"lazy\" decoding=\"async\" width=\"600\" height=\"400\" src=\"https:\/\/donesidrets.uab.cat\/wp-content\/uploads\/2024\/05\/Lavadora.jpg\" class=\"attachment-large size-large\" alt=\"\" srcset=\"https:\/\/donesidrets.uab.cat\/wp-content\/uploads\/2024\/05\/Lavadora.jpg 600w, https:\/\/donesidrets.uab.cat\/wp-content\/uploads\/2024\/05\/Lavadora-300x200.jpg 300w\" sizes=\"auto, (max-width: 600px) 100vw, 600px\" \/>\t\t\t\t\t<\/a>\n\t\t\t\t\t\t\t\t\t<\/div>\n\t\t\t\t\t\t<h4 class=\"uagb-post__title uagb-post__text\">\n\t\t\t\t<a href=\"https:\/\/donesidrets.uab.cat\/index.php\/2024\/05\/21\/treballadores-de-la-llar-i-conflictivitat-laboral-evolucio-de-les-condicions-laborals-a-la-legislacio-i-de-les-reivindicacions-del-collectiu\/\" target=\"_self\" rel=\"bookmark noopener noreferrer\">Treballadores de la llar i conflictivitat laboral: Evoluci\u00f3 de les condicions laborals a la legislaci\u00f3 i de les reivindicacions del col\u00b7lectiu<\/a>\n\t\t\t<\/h4>\n\t\t\t\t\t\t<div class='uagb-post__text uagb-post-grid-byline'>\n\t\t\t\t\t\t\t\t<time datetime=\"2024-05-21T07:19:08+00:00\" class=\"uagb-post__date\">\n\t\t\t\t<span class=\"dashicons-calendar dashicons\"><\/span>\t\t\t\t\t21 de maig de 2024\t\t\t\t<\/time>\n\t\t\t\t\t\t\t<span class=\"uagb-post__comment\">\n\t\t\t\t<span class=\"dashicons-admin-comments dashicons\"><\/span>\t\t\t\t\tNo hi ha comentaris\t\t\t\t<\/span>\n\t\t\t\t\t\t<\/div>\n\t\t\t\t\t\t\t<div class='uagb-post__text uagb-post__excerpt'>\n\t\t\t\t\t<p>Actualment, el dret laboral \u00e9s una de les disciplines&#8230;\t\t\t\t<\/div>\n\t\t\t\t\t\t<div class=\"uagb-post__text uagb-post__cta wp-block-button\">\n\t\t\t\t<a class=\"wp-block-button__link uagb-text-link\" style=\"\" href=\"https:\/\/donesidrets.uab.cat\/index.php\/2024\/05\/21\/treballadores-de-la-llar-i-conflictivitat-laboral-evolucio-de-les-condicions-laborals-a-la-legislacio-i-de-les-reivindicacions-del-collectiu\/\" target=\"_self\" rel=\"bookmark noopener noreferrer\">READ MORE<\/a>\n\t\t\t<\/div>\n\t\t\t\n\t\t\t\t\t\t\t\t\t<\/article>\n\t\t\t\t\t\t\t\t\t\t\t\t\t\t\t\t<article class=\"uagb-post__inner-wrap\">\t\t\t\t\t\t\t\t<div class='uagb-post__image'>\n\t\t\t\t\t\t\t\t\t<a href=\"https:\/\/donesidrets.uab.cat\/index.php\/2024\/04\/03\/la-invisibilitat-de-la-dona-en-el-mon-rural-tambe-en-les-politiques-tributaries\/\" target=\"_self\" rel=\"bookmark noopener noreferrer\"><img loading=\"lazy\" decoding=\"async\" width=\"600\" height=\"400\" src=\"https:\/\/donesidrets.uab.cat\/wp-content\/uploads\/2024\/04\/DonaRural.jpg\" class=\"attachment-large size-large\" alt=\"\" srcset=\"https:\/\/donesidrets.uab.cat\/wp-content\/uploads\/2024\/04\/DonaRural.jpg 600w, https:\/\/donesidrets.uab.cat\/wp-content\/uploads\/2024\/04\/DonaRural-300x200.jpg 300w\" sizes=\"auto, (max-width: 600px) 100vw, 600px\" \/>\t\t\t\t\t<\/a>\n\t\t\t\t\t\t\t\t\t<\/div>\n\t\t\t\t\t\t<h4 class=\"uagb-post__title uagb-post__text\">\n\t\t\t\t<a href=\"https:\/\/donesidrets.uab.cat\/index.php\/2024\/04\/03\/la-invisibilitat-de-la-dona-en-el-mon-rural-tambe-en-les-politiques-tributaries\/\" target=\"_self\" rel=\"bookmark noopener noreferrer\">La invisibilitat de la dona en el m\u00f3n rural, tamb\u00e9 en les pol\u00edtiques tribut\u00e0ries<\/a>\n\t\t\t<\/h4>\n\t\t\t\t\t\t<div class='uagb-post__text uagb-post-grid-byline'>\n\t\t\t\t\t\t\t\t<time datetime=\"2024-04-03T10:51:38+00:00\" class=\"uagb-post__date\">\n\t\t\t\t<span class=\"dashicons-calendar dashicons\"><\/span>\t\t\t\t\t3 d&#039;abril de 2024\t\t\t\t<\/time>\n\t\t\t\t\t\t\t<span class=\"uagb-post__comment\">\n\t\t\t\t<span class=\"dashicons-admin-comments dashicons\"><\/span>\t\t\t\t\tNo hi ha comentaris\t\t\t\t<\/span>\n\t\t\t\t\t\t<\/div>\n\t\t\t\t\t\t\t<div class='uagb-post__text uagb-post__excerpt'>\n\t\t\t\t\t<p>Quan es fa refer\u00e8ncia a la dona en el&#8230;\t\t\t\t<\/div>\n\t\t\t\t\t\t<div class=\"uagb-post__text uagb-post__cta wp-block-button\">\n\t\t\t\t<a class=\"wp-block-button__link uagb-text-link\" style=\"\" href=\"https:\/\/donesidrets.uab.cat\/index.php\/2024\/04\/03\/la-invisibilitat-de-la-dona-en-el-mon-rural-tambe-en-les-politiques-tributaries\/\" target=\"_self\" rel=\"bookmark noopener noreferrer\">READ MORE<\/a>\n\t\t\t<\/div>\n\t\t\t\n\t\t\t\t\t\t\t\t\t<\/article>\n\t\t\t\t\t\t\t\t\t\t\t\t\t\t\t\t<article class=\"uagb-post__inner-wrap\">\t\t\t\t\t\t\t\t<div class='uagb-post__image'>\n\t\t\t\t\t\t\t\t\t<a href=\"https:\/\/donesidrets.uab.cat\/index.php\/2024\/02\/07\/violencia-obstetrica-y-mortalidad-prevenible-segun-la-sentencia-britez-arce-de-la-cidh\/\" target=\"_self\" rel=\"bookmark noopener noreferrer\"><img loading=\"lazy\" decoding=\"async\" width=\"600\" height=\"400\" src=\"https:\/\/donesidrets.uab.cat\/wp-content\/uploads\/2024\/02\/Mujer.jpg\" class=\"attachment-large size-large\" alt=\"\" srcset=\"https:\/\/donesidrets.uab.cat\/wp-content\/uploads\/2024\/02\/Mujer.jpg 600w, https:\/\/donesidrets.uab.cat\/wp-content\/uploads\/2024\/02\/Mujer-300x200.jpg 300w\" sizes=\"auto, (max-width: 600px) 100vw, 600px\" \/>\t\t\t\t\t<\/a>\n\t\t\t\t\t\t\t\t\t<\/div>\n\t\t\t\t\t\t<h4 class=\"uagb-post__title uagb-post__text\">\n\t\t\t\t<a href=\"https:\/\/donesidrets.uab.cat\/index.php\/2024\/02\/07\/violencia-obstetrica-y-mortalidad-prevenible-segun-la-sentencia-britez-arce-de-la-cidh\/\" target=\"_self\" rel=\"bookmark noopener noreferrer\">Violencia obst\u00e9trica y mortalidad prevenible seg\u00fan la sentencia Br\u00edtez Arce de la CIDH<\/a>\n\t\t\t<\/h4>\n\t\t\t\t\t\t<div class='uagb-post__text uagb-post-grid-byline'>\n\t\t\t\t\t\t\t\t<time datetime=\"2024-02-07T07:21:34+00:00\" class=\"uagb-post__date\">\n\t\t\t\t<span class=\"dashicons-calendar dashicons\"><\/span>\t\t\t\t\t7 de febrer de 2024\t\t\t\t<\/time>\n\t\t\t\t\t\t\t<span class=\"uagb-post__comment\">\n\t\t\t\t<span class=\"dashicons-admin-comments dashicons\"><\/span>\t\t\t\t\tNo hi ha comentaris\t\t\t\t<\/span>\n\t\t\t\t\t\t<\/div>\n\t\t\t\t\t\t\t<div class='uagb-post__text uagb-post__excerpt'>\n\t\t\t\t\t<p>El fallo de 2022 contra el Estado argentino marca&#8230;\t\t\t\t<\/div>\n\t\t\t\t\t\t<div class=\"uagb-post__text uagb-post__cta wp-block-button\">\n\t\t\t\t<a class=\"wp-block-button__link uagb-text-link\" style=\"\" href=\"https:\/\/donesidrets.uab.cat\/index.php\/2024\/02\/07\/violencia-obstetrica-y-mortalidad-prevenible-segun-la-sentencia-britez-arce-de-la-cidh\/\" target=\"_self\" rel=\"bookmark noopener noreferrer\">READ MORE<\/a>\n\t\t\t<\/div>\n\t\t\t\n\t\t\t\t\t\t\t\t\t<\/article>\n\t\t\t\t\t\t\t\t\t\t\t\t\t\t\t\t<article class=\"uagb-post__inner-wrap\">\t\t\t\t\t\t\t\t<div class='uagb-post__image'>\n\t\t\t\t\t\t\t\t\t<a href=\"https:\/\/donesidrets.uab.cat\/index.php\/2023\/10\/16\/las-mujeres-en-la-carrera-judicial-en-espana\/\" target=\"_self\" rel=\"bookmark noopener noreferrer\"><img loading=\"lazy\" decoding=\"async\" width=\"600\" height=\"400\" src=\"https:\/\/donesidrets.uab.cat\/wp-content\/uploads\/2023\/10\/jueza.jpg\" class=\"attachment-large size-large\" alt=\"\" srcset=\"https:\/\/donesidrets.uab.cat\/wp-content\/uploads\/2023\/10\/jueza.jpg 600w, https:\/\/donesidrets.uab.cat\/wp-content\/uploads\/2023\/10\/jueza-300x200.jpg 300w\" sizes=\"auto, (max-width: 600px) 100vw, 600px\" \/>\t\t\t\t\t<\/a>\n\t\t\t\t\t\t\t\t\t<\/div>\n\t\t\t\t\t\t<h4 class=\"uagb-post__title uagb-post__text\">\n\t\t\t\t<a href=\"https:\/\/donesidrets.uab.cat\/index.php\/2023\/10\/16\/las-mujeres-en-la-carrera-judicial-en-espana\/\" target=\"_self\" rel=\"bookmark noopener noreferrer\">Las mujeres en la carrera judicial en Espa\u00f1a<\/a>\n\t\t\t<\/h4>\n\t\t\t\t\t\t<div class='uagb-post__text uagb-post-grid-byline'>\n\t\t\t\t\t\t\t\t<time datetime=\"2023-10-16T09:45:02+00:00\" class=\"uagb-post__date\">\n\t\t\t\t<span class=\"dashicons-calendar dashicons\"><\/span>\t\t\t\t\t16 d&#039;octubre de 2023\t\t\t\t<\/time>\n\t\t\t\t\t\t\t<span class=\"uagb-post__comment\">\n\t\t\t\t<span class=\"dashicons-admin-comments dashicons\"><\/span>\t\t\t\t\tNo hi ha comentaris\t\t\t\t<\/span>\n\t\t\t\t\t\t<\/div>\n\t\t\t\t\t\t\t<div class='uagb-post__text uagb-post__excerpt'>\n\t\t\t\t\t<p>Desde 2014 en Espa\u00f1a se ha producido una constante&#8230;\t\t\t\t<\/div>\n\t\t\t\t\t\t<div class=\"uagb-post__text uagb-post__cta wp-block-button\">\n\t\t\t\t<a class=\"wp-block-button__link uagb-text-link\" style=\"\" href=\"https:\/\/donesidrets.uab.cat\/index.php\/2023\/10\/16\/las-mujeres-en-la-carrera-judicial-en-espana\/\" target=\"_self\" rel=\"bookmark noopener noreferrer\">READ MORE<\/a>\n\t\t\t<\/div>\n\t\t\t\n\t\t\t\t\t\t\t\t\t<\/article>\n\t\t\t\t\t\t\t\t\t\t\t\t\t\t\t\t<article class=\"uagb-post__inner-wrap\">\t\t\t\t\t\t\t\t<div class='uagb-post__image'>\n\t\t\t\t\t\t\t\t\t<a href=\"https:\/\/donesidrets.uab.cat\/index.php\/2023\/10\/09\/la-tributacion-de-la-pension-de-viudedad-desde-la-perspectiva-de-genero\/\" target=\"_self\" rel=\"bookmark noopener noreferrer\"><img loading=\"lazy\" decoding=\"async\" width=\"600\" height=\"400\" src=\"https:\/\/donesidrets.uab.cat\/wp-content\/uploads\/2023\/10\/tax.jpg\" class=\"attachment-large size-large\" alt=\"\" srcset=\"https:\/\/donesidrets.uab.cat\/wp-content\/uploads\/2023\/10\/tax.jpg 600w, https:\/\/donesidrets.uab.cat\/wp-content\/uploads\/2023\/10\/tax-300x200.jpg 300w\" sizes=\"auto, (max-width: 600px) 100vw, 600px\" \/>\t\t\t\t\t<\/a>\n\t\t\t\t\t\t\t\t\t<\/div>\n\t\t\t\t\t\t<h4 class=\"uagb-post__title uagb-post__text\">\n\t\t\t\t<a href=\"https:\/\/donesidrets.uab.cat\/index.php\/2023\/10\/09\/la-tributacion-de-la-pension-de-viudedad-desde-la-perspectiva-de-genero\/\" target=\"_self\" rel=\"bookmark noopener noreferrer\">La tributaci\u00f3n de la pensi\u00f3n de viudedad desde la perspectiva de g\u00e9nero<\/a>\n\t\t\t<\/h4>\n\t\t\t\t\t\t<div class='uagb-post__text uagb-post-grid-byline'>\n\t\t\t\t\t\t\t\t<time datetime=\"2023-10-09T08:06:06+00:00\" class=\"uagb-post__date\">\n\t\t\t\t<span class=\"dashicons-calendar dashicons\"><\/span>\t\t\t\t\t9 d&#039;octubre de 2023\t\t\t\t<\/time>\n\t\t\t\t\t\t\t<span class=\"uagb-post__comment\">\n\t\t\t\t<span class=\"dashicons-admin-comments dashicons\"><\/span>\t\t\t\t\tNo hi ha comentaris\t\t\t\t<\/span>\n\t\t\t\t\t\t<\/div>\n\t\t\t\t\t\t\t<div class='uagb-post__text uagb-post__excerpt'>\n\t\t\t\t\t<p>Se consideran como rendimientos del trabajo en el IRPF&#8230;\t\t\t\t<\/div>\n\t\t\t\t\t\t<div class=\"uagb-post__text uagb-post__cta wp-block-button\">\n\t\t\t\t<a class=\"wp-block-button__link uagb-text-link\" style=\"\" href=\"https:\/\/donesidrets.uab.cat\/index.php\/2023\/10\/09\/la-tributacion-de-la-pension-de-viudedad-desde-la-perspectiva-de-genero\/\" target=\"_self\" rel=\"bookmark noopener noreferrer\">READ MORE<\/a>\n\t\t\t<\/div>\n\t\t\t\n\t\t\t\t\t\t\t\t\t<\/article>\n\t\t\t\t\t\t\t\t\t\t\t\t\t\t\t\t<article class=\"uagb-post__inner-wrap\">\t\t\t\t\t\t\t\t<div class='uagb-post__image'>\n\t\t\t\t\t\t\t\t\t<a href=\"https:\/\/donesidrets.uab.cat\/index.php\/2023\/04\/19\/la-inteligencia-artificial-tambien-tiene-nombre-de-mujer-2\/\" target=\"_self\" rel=\"bookmark noopener noreferrer\"><img loading=\"lazy\" decoding=\"async\" width=\"600\" height=\"402\" src=\"https:\/\/donesidrets.uab.cat\/wp-content\/uploads\/2023\/04\/Mujer.jpg\" class=\"attachment-large size-large\" alt=\"\" srcset=\"https:\/\/donesidrets.uab.cat\/wp-content\/uploads\/2023\/04\/Mujer.jpg 600w, https:\/\/donesidrets.uab.cat\/wp-content\/uploads\/2023\/04\/Mujer-300x201.jpg 300w\" sizes=\"auto, (max-width: 600px) 100vw, 600px\" \/>\t\t\t\t\t<\/a>\n\t\t\t\t\t\t\t\t\t<\/div>\n\t\t\t\t\t\t<h4 class=\"uagb-post__title uagb-post__text\">\n\t\t\t\t<a href=\"https:\/\/donesidrets.uab.cat\/index.php\/2023\/04\/19\/la-inteligencia-artificial-tambien-tiene-nombre-de-mujer-2\/\" target=\"_self\" rel=\"bookmark noopener noreferrer\">An\u00e0lisi de la Llei de Mem\u00f2ria Democr\u00e0tica de 2022: On s\u00f3n le dones?<\/a>\n\t\t\t<\/h4>\n\t\t\t\t\t\t<div class='uagb-post__text uagb-post-grid-byline'>\n\t\t\t\t\t\t\t\t<time datetime=\"2023-04-19T05:44:50+00:00\" class=\"uagb-post__date\">\n\t\t\t\t<span class=\"dashicons-calendar dashicons\"><\/span>\t\t\t\t\t19 d&#039;abril de 2023\t\t\t\t<\/time>\n\t\t\t\t\t\t\t<span class=\"uagb-post__comment\">\n\t\t\t\t<span class=\"dashicons-admin-comments dashicons\"><\/span>\t\t\t\t\tNo hi ha comentaris\t\t\t\t<\/span>\n\t\t\t\t\t\t<\/div>\n\t\t\t\t\t\t\t<div class='uagb-post__text uagb-post__excerpt'>\n\t\t\t\t\t<p>Quan parlem de persones represaliades, mortes i torturades en&#8230;\t\t\t\t<\/div>\n\t\t\t\t\t\t<div class=\"uagb-post__text uagb-post__cta wp-block-button\">\n\t\t\t\t<a class=\"wp-block-button__link uagb-text-link\" style=\"\" href=\"https:\/\/donesidrets.uab.cat\/index.php\/2023\/04\/19\/la-inteligencia-artificial-tambien-tiene-nombre-de-mujer-2\/\" target=\"_self\" rel=\"bookmark noopener noreferrer\">READ MORE<\/a>\n\t\t\t<\/div>\n\t\t\t\n\t\t\t\t\t\t\t\t\t<\/article>\n\t\t\t\t\t\t\t\t\t\t\t\t\t\t\t\t<article class=\"uagb-post__inner-wrap\">\t\t\t\t\t\t\t\t<div class='uagb-post__image'>\n\t\t\t\t\t\t\t\t\t<a href=\"https:\/\/donesidrets.uab.cat\/index.php\/2023\/03\/14\/la-inteligencia-artificial-tambien-tiene-nombre-de-mujer\/\" target=\"_self\" rel=\"bookmark noopener noreferrer\"><img loading=\"lazy\" decoding=\"async\" width=\"600\" height=\"402\" src=\"https:\/\/donesidrets.uab.cat\/wp-content\/uploads\/2023\/03\/IE.jpg\" class=\"attachment-large size-large\" alt=\"\" srcset=\"https:\/\/donesidrets.uab.cat\/wp-content\/uploads\/2023\/03\/IE.jpg 600w, https:\/\/donesidrets.uab.cat\/wp-content\/uploads\/2023\/03\/IE-300x201.jpg 300w\" sizes=\"auto, (max-width: 600px) 100vw, 600px\" \/>\t\t\t\t\t<\/a>\n\t\t\t\t\t\t\t\t\t<\/div>\n\t\t\t\t\t\t<h4 class=\"uagb-post__title uagb-post__text\">\n\t\t\t\t<a href=\"https:\/\/donesidrets.uab.cat\/index.php\/2023\/03\/14\/la-inteligencia-artificial-tambien-tiene-nombre-de-mujer\/\" target=\"_self\" rel=\"bookmark noopener noreferrer\">La inteligencia artificial \u201ctambi\u00e9n\u201d tiene nombre de mujer<\/a>\n\t\t\t<\/h4>\n\t\t\t\t\t\t<div class='uagb-post__text uagb-post-grid-byline'>\n\t\t\t\t\t\t\t\t<time datetime=\"2023-03-14T14:16:18+00:00\" class=\"uagb-post__date\">\n\t\t\t\t<span class=\"dashicons-calendar dashicons\"><\/span>\t\t\t\t\t14 de mar\u00e7 de 2023\t\t\t\t<\/time>\n\t\t\t\t\t\t\t<span class=\"uagb-post__comment\">\n\t\t\t\t<span class=\"dashicons-admin-comments dashicons\"><\/span>\t\t\t\t\tNo hi ha comentaris\t\t\t\t<\/span>\n\t\t\t\t\t\t<\/div>\n\t\t\t\t\t\t\t<div class='uagb-post__text uagb-post__excerpt'>\n\t\t\t\t\t<p>\u00bfPor qu\u00e9 este t\u00edtulo a mi intervenci\u00f3n? \u00bfPor qu\u00e9&#8230;\t\t\t\t<\/div>\n\t\t\t\t\t\t<div class=\"uagb-post__text uagb-post__cta wp-block-button\">\n\t\t\t\t<a class=\"wp-block-button__link uagb-text-link\" style=\"\" href=\"https:\/\/donesidrets.uab.cat\/index.php\/2023\/03\/14\/la-inteligencia-artificial-tambien-tiene-nombre-de-mujer\/\" target=\"_self\" rel=\"bookmark noopener noreferrer\">READ MORE<\/a>\n\t\t\t<\/div>\n\t\t\t\n\t\t\t\t\t\t\t\t\t<\/article>\n\t\t\t\t\t\t\t\t\t\t\t\t\t\t\t\t<article class=\"uagb-post__inner-wrap\">\t\t\t\t\t\t\t\t<div class='uagb-post__image'>\n\t\t\t\t\t\t\t\t\t<a href=\"https:\/\/donesidrets.uab.cat\/index.php\/2023\/03\/14\/8-de-marc-de-2023\/\" target=\"_self\" rel=\"bookmark noopener noreferrer\"><img loading=\"lazy\" decoding=\"async\" width=\"600\" height=\"402\" src=\"https:\/\/donesidrets.uab.cat\/wp-content\/uploads\/2023\/03\/8M.jpg\" class=\"attachment-large size-large\" alt=\"\" srcset=\"https:\/\/donesidrets.uab.cat\/wp-content\/uploads\/2023\/03\/8M.jpg 600w, https:\/\/donesidrets.uab.cat\/wp-content\/uploads\/2023\/03\/8M-300x201.jpg 300w\" sizes=\"auto, (max-width: 600px) 100vw, 600px\" \/>\t\t\t\t\t<\/a>\n\t\t\t\t\t\t\t\t\t<\/div>\n\t\t\t\t\t\t<h4 class=\"uagb-post__title uagb-post__text\">\n\t\t\t\t<a href=\"https:\/\/donesidrets.uab.cat\/index.php\/2023\/03\/14\/8-de-marc-de-2023\/\" target=\"_self\" rel=\"bookmark noopener noreferrer\">8 de mar\u00e7 de 2023<\/a>\n\t\t\t<\/h4>\n\t\t\t\t\t\t<div class='uagb-post__text uagb-post-grid-byline'>\n\t\t\t\t\t\t\t\t<time datetime=\"2023-03-14T10:30:00+00:00\" class=\"uagb-post__date\">\n\t\t\t\t<span class=\"dashicons-calendar dashicons\"><\/span>\t\t\t\t\t14 de mar\u00e7 de 2023\t\t\t\t<\/time>\n\t\t\t\t\t\t\t<span class=\"uagb-post__comment\">\n\t\t\t\t<span class=\"dashicons-admin-comments dashicons\"><\/span>\t\t\t\t\tNo hi ha comentaris\t\t\t\t<\/span>\n\t\t\t\t\t\t<\/div>\n\t\t\t\t\t\t\t<div class='uagb-post__text uagb-post__excerpt'>\n\t\t\t\t\t<p>8 de mar\u00e7 no \u00e9s tan sols un dia&#8230;\t\t\t\t<\/div>\n\t\t\t\t\t\t<div class=\"uagb-post__text uagb-post__cta wp-block-button\">\n\t\t\t\t<a class=\"wp-block-button__link uagb-text-link\" style=\"\" href=\"https:\/\/donesidrets.uab.cat\/index.php\/2023\/03\/14\/8-de-marc-de-2023\/\" target=\"_self\" rel=\"bookmark noopener noreferrer\">READ MORE<\/a>\n\t\t\t<\/div>\n\t\t\t\n\t\t\t\t\t\t\t\t\t<\/article>\n\t\t\t\t\t\t\t\t\t\t\t<\/div>\n\t\t\t\n\n\n<p><\/p>\n<\/div><\/section>\n\n\n\n<section class=\"wp-block-uagb-columns uagb-columns__wrap uagb-columns__background-image uagb-columns__stack-mobile uagb-columns__valign- uagb-columns__gap-10 align uagb-block-8faf289d uagb-columns__columns-3 uagb-columns__max_width-theme\"><div class=\"uagb-columns__overlay\"><\/div><div class=\"uagb-columns__inner-wrap uagb-columns__columns-3\">\n<div class=\"wp-block-uagb-column uagb-column__wrap uagb-column__background-undefined uagb-block-006be0e1\"><div class=\"uagb-column__overlay\"><\/div>\n<p><\/p>\n<\/div>\n\n\n\n<div class=\"wp-block-uagb-column uagb-column__wrap uagb-column__background-undefined uagb-block-b9215eee\"><div class=\"uagb-column__overlay\"><\/div>\n<figure class=\"wp-block-image aligncenter is-resized\"><img loading=\"lazy\" decoding=\"async\" src=\"https:\/\/donesidrets.uab.cat\/wp-content\/uploads\/2019\/05\/LogoBlanco.png\" alt=\"\" class=\"wp-image-1687\" width=\"385\" height=\"118\" srcset=\"https:\/\/donesidrets.uab.cat\/wp-content\/uploads\/2019\/05\/LogoBlanco.png 947w, https:\/\/donesidrets.uab.cat\/wp-content\/uploads\/2019\/05\/LogoBlanco-300x92.png 300w, https:\/\/donesidrets.uab.cat\/wp-content\/uploads\/2019\/05\/LogoBlanco-768x236.png 768w\" sizes=\"auto, (max-width: 385px) 100vw, 385px\" \/><\/figure>\n\n\n\n<div class=\"wp-block-columns has-2-columns is-layout-flex wp-container-core-columns-is-layout-1 wp-block-columns-is-layout-flex\">\n<div class=\"wp-block-column is-layout-flow wp-block-column-is-layout-flow\">\n<p><\/p>\n<\/div>\n\n\n\n<div class=\"wp-block-column is-layout-flow wp-block-column-is-layout-flow\"><\/div>\n<\/div>\n\n\n\n<div class=\"wp-block-columns has-2-columns is-layout-flex wp-container-core-columns-is-layout-2 wp-block-columns-is-layout-flex\">\n<div class=\"wp-block-column is-layout-flow wp-block-column-is-layout-flow\">\n<p class=\"has-text-align-center has-text-color\" style=\"color:#ffffff\"> <br>&#8220;Ni el govern federal ni l&#8217;estatal actua de manera compatible amb la protecci\u00f3 igualit\u00e0ria quan una llei o una pol\u00edtica nega a les dones, simplement perqu\u00e8 s\u00f3n dones, el m\u00e0xim estat de la ciutadania: igualtat d&#8217;oportunitats per aspirar, aconseguir, participar i contribuir a la societat basant-se en els seus talents individuals i capacitats.&#8221;<br> <strong>Ruth Bader Ginsburg<\/strong>  <\/p>\n<\/div>\n\n\n\n<div class=\"wp-block-column is-layout-flow wp-block-column-is-layout-flow\">\n<p class=\"has-text-align-center has-text-color\" style=\"color:#ffffff\"> <br>&#8220;Neither federal nor state government acts compatibly with equal protection when a law or official policy denies to women, simply because they are women, full citizenship stature &#8211; equal opportunity to aspire, achieve, participate in and contribute to society based on their individual talents and capacities.&#8221;<br> <strong>Ruth Bader Ginsburg<\/strong>  <\/p>\n<\/div>\n<\/div>\n\n\n\n<p class=\"has-text-align-center has-text-color\" style=\"color:#ffffff\"><a href=\"https:\/\/donesidrets.uab.cat\/wp-content\/uploads\/2019\/05\/Sentencia.pdf\" target=\"_blank\" rel=\"noreferrer noopener\" aria-label=\"Acc\u00e9s a la sent\u00e8ncia (s'obre en una nova pestanya)\">Acc\u00e9s a la sent\u00e8ncia<\/a><\/p>\n\n\n\n<div style=\"height:60px\" aria-hidden=\"true\" class=\"wp-block-spacer\"><\/div>\n\n\n\n<div class=\"wp-block-uagb-icon-list uagb-block-9e43c841 uagb-icon-list__outer-wrap uagb-icon-list__layout-horizontal uagb-icon-list__no-label\" id=\"uagb-icon-list-478a410c-08ea-4a99-91af-f9d501f7614c\"><div class=\"uagb-icon-list__wrap\">\n<div class=\"wp-block-uagb-icon-list-child uagb-block-d58b7347\"><span class=\"uagb-icon-list__source-wrap\"><svg xmlns=\"https:\/\/www.w3.org\/2000\/svg\" viewBox=\"0 0 512 512\"><path d=\"M256 0C114.6 0 0 114.6 0 256c0 141.4 114.6 256 256 256s256-114.6 256-256C512 114.6 397.4 0 256 0zM406.6 278.6l-103.1 103.1c-12.5 12.5-32.75 12.5-45.25 0s-12.5-32.75 0-45.25L306.8 288H128C110.3 288 96 273.7 96 256s14.31-32 32-32h178.8l-49.38-49.38c-12.5-12.5-12.5-32.75 0-45.25s32.75-12.5 45.25 0l103.1 103.1C414.6 241.3 416 251.1 416 256C416 260.9 414.6 270.7 406.6 278.6z\"><\/path><\/svg><\/span><\/div>\n\n\n\n<div class=\"wp-block-uagb-icon-list-child uagb-block-5515ddab\"><span class=\"uagb-icon-list__source-wrap\"><svg xmlns=\"https:\/\/www.w3.org\/2000\/svg\" viewBox=\"0 0 512 512\"><path d=\"M256 0C114.6 0 0 114.6 0 256c0 141.4 114.6 256 256 256s256-114.6 256-256C512 114.6 397.4 0 256 0zM406.6 278.6l-103.1 103.1c-12.5 12.5-32.75 12.5-45.25 0s-12.5-32.75 0-45.25L306.8 288H128C110.3 288 96 273.7 96 256s14.31-32 32-32h178.8l-49.38-49.38c-12.5-12.5-12.5-32.75 0-45.25s32.75-12.5 45.25 0l103.1 103.1C414.6 241.3 416 251.1 416 256C416 260.9 414.6 270.7 406.6 278.6z\"><\/path><\/svg><\/span><\/div>\n\n\n\n<div class=\"wp-block-uagb-icon-list-child uagb-block-eac11d78\"><span class=\"uagb-icon-list__source-wrap\"><svg xmlns=\"https:\/\/www.w3.org\/2000\/svg\" viewBox=\"0 0 512 512\"><path d=\"M256 0C114.6 0 0 114.6 0 256c0 141.4 114.6 256 256 256s256-114.6 256-256C512 114.6 397.4 0 256 0zM406.6 278.6l-103.1 103.1c-12.5 12.5-32.75 12.5-45.25 0s-12.5-32.75 0-45.25L306.8 288H128C110.3 288 96 273.7 96 256s14.31-32 32-32h178.8l-49.38-49.38c-12.5-12.5-12.5-32.75 0-45.25s32.75-12.5 45.25 0l103.1 103.1C414.6 241.3 416 251.1 416 256C416 260.9 414.6 270.7 406.6 278.6z\"><\/path><\/svg><\/span><\/div>\n\n\n\n<div class=\"wp-block-uagb-icon-list-child uagb-block-a4291507\"><span class=\"uagb-icon-list__source-wrap\"><svg xmlns=\"https:\/\/www.w3.org\/2000\/svg\" viewBox=\"0 0 512 512\"><path d=\"M256 0C114.6 0 0 114.6 0 256c0 141.4 114.6 256 256 256s256-114.6 256-256C512 114.6 397.4 0 256 0zM406.6 278.6l-103.1 103.1c-12.5 12.5-32.75 12.5-45.25 0s-12.5-32.75 0-45.25L306.8 288H128C110.3 288 96 273.7 96 256s14.31-32 32-32h178.8l-49.38-49.38c-12.5-12.5-12.5-32.75 0-45.25s32.75-12.5 45.25 0l103.1 103.1C414.6 241.3 416 251.1 416 256C416 260.9 414.6 270.7 406.6 278.6z\"><\/path><\/svg><\/span><\/div>\n<\/div><\/div>\n<\/div>\n\n\n\n<div class=\"wp-block-uagb-column uagb-column__wrap uagb-column__background-undefined uagb-block-0aecb55e\"><div class=\"uagb-column__overlay\"><\/div>\n<p><\/p>\n<\/div>\n<\/div><\/section>\n","protected":false},"excerpt":{"rendered":"","protected":false},"author":1,"featured_media":0,"parent":0,"menu_order":0,"comment_status":"closed","ping_status":"closed","template":"","meta":{"_uag_custom_page_level_css":"","site-sidebar-layout":"no-sidebar","site-content-layout":"page-builder","ast-site-content-layout":"","site-content-style":"default","site-sidebar-style":"default","ast-global-header-display":"","ast-banner-title-visibility":"","ast-main-header-display":"","ast-hfb-above-header-display":"","ast-hfb-below-header-display":"","ast-hfb-mobile-header-display":"","site-post-title":"disabled","ast-breadcrumbs-content":"","ast-featured-img":"disabled","footer-sml-layout":"","theme-transparent-header-meta":"disabled","adv-header-id-meta":"","stick-header-meta":"","header-above-stick-meta":"","header-main-stick-meta":"","header-below-stick-meta":"","astra-migrate-meta-layouts":"default","ast-page-background-enabled":"default","ast-page-background-meta":{"desktop":{"background-color":"","background-image":"","background-repeat":"repeat","background-position":"center center","background-size":"auto","background-attachment":"scroll","background-type":"","background-media":"","overlay-type":"","overlay-color":"","overlay-opacity":"","overlay-gradient":""},"tablet":{"background-color":"","background-image":"","background-repeat":"repeat","background-position":"center center","background-size":"auto","background-attachment":"scroll","background-type":"","background-media":"","overlay-type":"","overlay-color":"","overlay-opacity":"","overlay-gradient":""},"mobile":{"background-color":"","background-image":"","background-repeat":"repeat","background-position":"center center","background-size":"auto","background-attachment":"scroll","background-type":"","background-media":"","overlay-type":"","overlay-color":"","overlay-opacity":"","overlay-gradient":""}},"ast-content-background-meta":{"desktop":{"background-color":"var(--ast-global-color-5)","background-image":"","background-repeat":"repeat","background-position":"center center","background-size":"auto","background-attachment":"scroll","background-type":"","background-media":"","overlay-type":"","overlay-color":"","overlay-opacity":"","overlay-gradient":""},"tablet":{"background-color":"var(--ast-global-color-5)","background-image":"","background-repeat":"repeat","background-position":"center center","background-size":"auto","background-attachment":"scroll","background-type":"","background-media":"","overlay-type":"","overlay-color":"","overlay-opacity":"","overlay-gradient":""},"mobile":{"background-color":"var(--ast-global-color-5)","background-image":"","background-repeat":"repeat","background-position":"center center","background-size":"auto","background-attachment":"scroll","background-type":"","background-media":"","overlay-type":"","overlay-color":"","overlay-opacity":"","overlay-gradient":""}},"footnotes":""},"class_list":["post-2985","page","type-page","status-publish","hentry"],"uagb_featured_image_src":{"full":false,"thumbnail":false,"medium":false,"medium_large":false,"large":false,"1536x1536":false,"2048x2048":false},"uagb_author_info":{"display_name":"admin","author_link":"https:\/\/donesidrets.uab.cat\/index.php\/author\/admin\/"},"uagb_comment_info":0,"uagb_excerpt":null,"_links":{"self":[{"href":"https:\/\/donesidrets.uab.cat\/index.php\/wp-json\/wp\/v2\/pages\/2985","targetHints":{"allow":["GET"]}}],"collection":[{"href":"https:\/\/donesidrets.uab.cat\/index.php\/wp-json\/wp\/v2\/pages"}],"about":[{"href":"https:\/\/donesidrets.uab.cat\/index.php\/wp-json\/wp\/v2\/types\/page"}],"author":[{"embeddable":true,"href":"https:\/\/donesidrets.uab.cat\/index.php\/wp-json\/wp\/v2\/users\/1"}],"replies":[{"embeddable":true,"href":"https:\/\/donesidrets.uab.cat\/index.php\/wp-json\/wp\/v2\/comments?post=2985"}],"version-history":[{"count":2,"href":"https:\/\/donesidrets.uab.cat\/index.php\/wp-json\/wp\/v2\/pages\/2985\/revisions"}],"predecessor-version":[{"id":2989,"href":"https:\/\/donesidrets.uab.cat\/index.php\/wp-json\/wp\/v2\/pages\/2985\/revisions\/2989"}],"wp:attachment":[{"href":"https:\/\/donesidrets.uab.cat\/index.php\/wp-json\/wp\/v2\/media?parent=2985"}],"curies":[{"name":"wp","href":"https:\/\/api.w.org\/{rel}","templated":true}]}}